{"id":10476,"date":"2023-12-04T05:57:22","date_gmt":"2023-12-04T00:57:22","guid":{"rendered":"https:\/\/agendacultural.politicas.unam.mx\/?page_id=10476"},"modified":"2025-03-11T07:14:10","modified_gmt":"2025-03-11T02:14:10","slug":"polakageek","status":"publish","type":"page","link":"https:\/\/agendacultural.politicas.unam.mx\/?page_id=10476","title":{"rendered":"PolakaGeek"},"content":{"rendered":"\t\t<div data-elementor-type=\"wp-page\" data-elementor-id=\"10476\" class=\"elementor elementor-10476\">\n\t\t\t\t\t\t<section class=\"elementor-section elementor-top-section elementor-element elementor-element-10c9747 elementor-section-boxed elementor-section-height-default elementor-section-height-default\" data-id=\"10c9747\" data-element_type=\"section\" data-settings=\"{&quot;background_background&quot;:&quot;slideshow&quot;,&quot;background_slideshow_gallery&quot;:[],&quot;background_slideshow_loop&quot;:&quot;yes&quot;,&quot;background_slideshow_slide_duration&quot;:5000,&quot;background_slideshow_slide_transition&quot;:&quot;fade&quot;,&quot;background_slideshow_transition_duration&quot;:500}\">\n\t\t\t\t\t\t<div class=\"elementor-container elementor-column-gap-default\">\n\t\t\t\t\t<div class=\"elementor-column elementor-col-100 elementor-top-column elementor-element elementor-element-e2ad964\" data-id=\"e2ad964\" data-element_type=\"column\">\n\t\t\t<div class=\"elementor-widget-wrap elementor-element-populated\">\n\t\t\t\t\t\t<div class=\"elementor-element elementor-element-7c95e51 elementor-widget elementor-widget-heading\" data-id=\"7c95e51\" data-element_type=\"widget\" data-widget_type=\"heading.default\">\n\t\t\t\t<div class=\"elementor-widget-container\">\n\t\t\t\t\t<p class=\"elementor-heading-title elementor-size-default\">PolakaGeek\n\n<\/p>\t\t\t\t<\/div>\n\t\t\t\t<\/div>\n\t\t\t\t\t<\/div>\n\t\t<\/div>\n\t\t\t\t\t<\/div>\n\t\t<\/section>\n\t\t\t\t<section class=\"elementor-section elementor-top-section elementor-element elementor-element-b78f6c2 elementor-section-boxed elementor-section-height-default elementor-section-height-default\" data-id=\"b78f6c2\" data-element_type=\"section\">\n\t\t\t\t\t\t<div class=\"elementor-container elementor-column-gap-default\">\n\t\t\t\t\t<div class=\"elementor-column elementor-col-100 elementor-top-column elementor-element elementor-element-f0fdaae\" data-id=\"f0fdaae\" data-element_type=\"column\">\n\t\t\t<div class=\"elementor-widget-wrap elementor-element-populated\">\n\t\t\t\t\t\t<div class=\"elementor-element elementor-element-abd0e1d elementor-widget elementor-widget-spacer\" data-id=\"abd0e1d\" data-element_type=\"widget\" data-widget_type=\"spacer.default\">\n\t\t\t\t<div class=\"elementor-widget-container\">\n\t\t\t\t\t\t\t<div class=\"elementor-spacer\">\n\t\t\t<div class=\"elementor-spacer-inner\"><\/div>\n\t\t<\/div>\n\t\t\t\t\t\t<\/div>\n\t\t\t\t<\/div>\n\t\t\t\t\t<\/div>\n\t\t<\/div>\n\t\t\t\t\t<\/div>\n\t\t<\/section>\n\t\t\t\t<section class=\"elementor-section elementor-top-section elementor-element elementor-element-d92bc1c elementor-section-boxed elementor-section-height-default elementor-section-height-default\" data-id=\"d92bc1c\" data-element_type=\"section\">\n\t\t\t\t\t\t<div class=\"elementor-container elementor-column-gap-default\">\n\t\t\t\t\t<div class=\"elementor-column elementor-col-50 elementor-top-column elementor-element elementor-element-fb24f8d\" data-id=\"fb24f8d\" data-element_type=\"column\">\n\t\t\t<div class=\"elementor-widget-wrap elementor-element-populated\">\n\t\t\t\t\t\t<div class=\"elementor-element elementor-element-501412e elementor-widget elementor-widget-image\" data-id=\"501412e\" data-element_type=\"widget\" data-widget_type=\"image.default\">\n\t\t\t\t<div class=\"elementor-widget-container\">\n\t\t\t\t\t\t\t\t\t\t\t\t\t\t\t<img decoding=\"async\" src=\"https:\/\/agendacultural.politicas.unam.mx\/wp-content\/uploads\/elementor\/thumbs\/nimona-inicio-1-qgaj2kulubvhgrhshn2rmgknxvrhavwgt76a838dxk.png\" title=\"\" alt=\"\" loading=\"lazy\" \/>\t\t\t\t\t\t\t\t\t\t\t\t\t\t\t<\/div>\n\t\t\t\t<\/div>\n\t\t\t\t\t<\/div>\n\t\t<\/div>\n\t\t\t\t<div class=\"elementor-column elementor-col-50 elementor-top-column elementor-element elementor-element-d4bb1cf\" data-id=\"d4bb1cf\" data-element_type=\"column\">\n\t\t\t<div class=\"elementor-widget-wrap elementor-element-populated\">\n\t\t\t\t\t\t<div class=\"elementor-element elementor-element-8723a80 elementor-widget elementor-widget-heading\" data-id=\"8723a80\" data-element_type=\"widget\" data-widget_type=\"heading.default\">\n\t\t\t\t<div class=\"elementor-widget-container\">\n\t\t\t\t\t<h2 class=\"elementor-heading-title elementor-size-default\">Nimona, una aventura de caballer\u00eda actual<\/h2>\t\t\t\t<\/div>\n\t\t\t\t<\/div>\n\t\t\t\t<div class=\"elementor-element elementor-element-7646aa4 elementor-widget elementor-widget-text-editor\" data-id=\"7646aa4\" data-element_type=\"widget\" data-widget_type=\"text-editor.default\">\n\t\t\t\t<div class=\"elementor-widget-container\">\n\t\t\t\t\t\t\t\t\t<p>Este a\u00f1o, luego de alg\u00fan tiempo de crisis,\u00a0<i>Nimona<\/i>\u00a0por fin vio la luz en Netflix. El proyecto originalmente se incub\u00f3 en\u00a0<i>Blue Sky Studios,\u00a0<\/i>firma conocida por pel\u00edculas como La Era del Hielo, pero, tras el anuncio del cierre por parte de\u00a0<i>Disney<\/i>\u00a0en 2021, el gigante rojo lanz\u00f3 un salvavidas para esta historia de fantas\u00eda muy\u00a0<i>sui generis<\/i>.<\/p><p>Nimona es una\u00a0<b><i>cambiaformas<\/i><\/b>\u00a0encarnada en la voz de Chloe Grace Moretz en una ciudad que aborrece lo que es diferente. La historia sigue las aventuras del caballero Ballister Black Heart, el primero que no es de sangre pura, por lo que es juzgado por sus compa\u00f1eros y el pueblo, pues \u00e9l no es descendiente de la famosa guerrera Gloriana, aquella que derrot\u00f3 a la oscuridad en los albores de su naci\u00f3n.<\/p>\t\t\t\t\t\t\t\t<\/div>\n\t\t\t\t<\/div>\n\t\t\t\t<div class=\"elementor-element elementor-element-c577c46 elementor-align-right elementor-widget elementor-widget-button\" data-id=\"c577c46\" data-element_type=\"widget\" data-widget_type=\"button.default\">\n\t\t\t\t<div class=\"elementor-widget-container\">\n\t\t\t\t\t\t\t\t\t<div class=\"elementor-button-wrapper\">\n\t\t\t\t\t<a class=\"elementor-button elementor-button-link elementor-size-sm\" href=\"https:\/\/agendacultural.politicas.unam.mx\/?page_id=10443\">\n\t\t\t\t\t\t<span class=\"elementor-button-content-wrapper\">\n\t\t\t\t\t\t\t\t\t<span class=\"elementor-button-text\">VER M\u00c1S<\/span>\n\t\t\t\t\t<\/span>\n\t\t\t\t\t<\/a>\n\t\t\t\t<\/div>\n\t\t\t\t\t\t\t\t<\/div>\n\t\t\t\t<\/div>\n\t\t\t\t\t<\/div>\n\t\t<\/div>\n\t\t\t\t\t<\/div>\n\t\t<\/section>\n\t\t\t\t<section class=\"elementor-section elementor-top-section elementor-element elementor-element-8abe239 elementor-section-boxed elementor-section-height-default elementor-section-height-default\" data-id=\"8abe239\" data-element_type=\"section\">\n\t\t\t\t\t\t<div class=\"elementor-container elementor-column-gap-default\">\n\t\t\t\t\t<div class=\"elementor-column elementor-col-50 elementor-top-column elementor-element elementor-element-e398eb7\" data-id=\"e398eb7\" data-element_type=\"column\">\n\t\t\t<div class=\"elementor-widget-wrap elementor-element-populated\">\n\t\t\t\t\t\t<div class=\"elementor-element elementor-element-9aa5674 elementor-widget elementor-widget-image\" data-id=\"9aa5674\" data-element_type=\"widget\" data-widget_type=\"image.default\">\n\t\t\t\t<div class=\"elementor-widget-container\">\n\t\t\t\t\t\t\t\t\t\t\t\t\t\t\t<img fetchpriority=\"high\" decoding=\"async\" width=\"712\" height=\"429\" src=\"https:\/\/agendacultural.politicas.unam.mx\/wp-content\/uploads\/2023\/12\/Captura-de-pantalla-2023-12-13-a-las-16.23.59.png\" class=\"attachment-full size-full wp-image-10553\" alt=\"\" srcset=\"https:\/\/agendacultural.politicas.unam.mx\/wp-content\/uploads\/2023\/12\/Captura-de-pantalla-2023-12-13-a-las-16.23.59.png 712w, https:\/\/agendacultural.politicas.unam.mx\/wp-content\/uploads\/2023\/12\/Captura-de-pantalla-2023-12-13-a-las-16.23.59-300x181.png 300w\" sizes=\"(max-width: 712px) 100vw, 712px\" \/>\t\t\t\t\t\t\t\t\t\t\t\t\t\t\t<\/div>\n\t\t\t\t<\/div>\n\t\t\t\t\t<\/div>\n\t\t<\/div>\n\t\t\t\t<div class=\"elementor-column elementor-col-50 elementor-top-column elementor-element elementor-element-ca8028b\" data-id=\"ca8028b\" data-element_type=\"column\">\n\t\t\t<div class=\"elementor-widget-wrap elementor-element-populated\">\n\t\t\t\t\t\t<div class=\"elementor-element elementor-element-e86ed5e elementor-widget elementor-widget-heading\" data-id=\"e86ed5e\" data-element_type=\"widget\" data-widget_type=\"heading.default\">\n\t\t\t\t<div class=\"elementor-widget-container\">\n\t\t\t\t\t<h2 class=\"elementor-heading-title elementor-size-default\">THE HUNTING ROAD<\/h2>\t\t\t\t<\/div>\n\t\t\t\t<\/div>\n\t\t\t\t<div class=\"elementor-element elementor-element-e6c10fd elementor-widget elementor-widget-text-editor\" data-id=\"e6c10fd\" data-element_type=\"widget\" data-widget_type=\"text-editor.default\">\n\t\t\t\t<div class=\"elementor-widget-container\">\n\t\t\t\t\t\t\t\t\t<p>En alg\u00fan lugar del universo, gobierna el r\u00e9gimen espacial 14-11, su l\u00edder, Asmodeus El Ejecutor sostiene una guerra intensa de purificaci\u00f3n racial donde solo habiten los suyos, una especie capaz de desarrollar poderes mentales si se tiene la suficiente paciencia. El joven Peter deber\u00e1 tomar una decisi\u00f3n: confrontar al dictador o dejar que la vida siga su curso, indiferente ante tanta injusticia y genocidio. Esta es la primera novela gr\u00e1fica, hecha por estudiantes de la FCPyS y que PolakaGeek trae para ti. \u00a1No te la pierdas!<\/p>\t\t\t\t\t\t\t\t<\/div>\n\t\t\t\t<\/div>\n\t\t\t\t<div class=\"elementor-element elementor-element-c468e4d elementor-align-right elementor-widget elementor-widget-button\" data-id=\"c468e4d\" data-element_type=\"widget\" data-widget_type=\"button.default\">\n\t\t\t\t<div class=\"elementor-widget-container\">\n\t\t\t\t\t\t\t\t\t<div class=\"elementor-button-wrapper\">\n\t\t\t\t\t<a class=\"elementor-button elementor-button-link elementor-size-sm\" href=\"https:\/\/agendacultural.politicas.unam.mx\/?page_id=10548\">\n\t\t\t\t\t\t<span class=\"elementor-button-content-wrapper\">\n\t\t\t\t\t\t\t\t\t<span class=\"elementor-button-text\">VER M\u00c1S<\/span>\n\t\t\t\t\t<\/span>\n\t\t\t\t\t<\/a>\n\t\t\t\t<\/div>\n\t\t\t\t\t\t\t\t<\/div>\n\t\t\t\t<\/div>\n\t\t\t\t\t<\/div>\n\t\t<\/div>\n\t\t\t\t\t<\/div>\n\t\t<\/section>\n\t\t\t\t<section class=\"elementor-section elementor-top-section elementor-element elementor-element-e04b25f elementor-section-boxed elementor-section-height-default elementor-section-height-default\" data-id=\"e04b25f\" data-element_type=\"section\">\n\t\t\t\t\t\t<div class=\"elementor-container elementor-column-gap-default\">\n\t\t\t\t\t<div class=\"elementor-column elementor-col-100 elementor-top-column elementor-element elementor-element-9d188ba\" data-id=\"9d188ba\" data-element_type=\"column\">\n\t\t\t<div class=\"elementor-widget-wrap elementor-element-populated\">\n\t\t\t\t\t\t<div class=\"elementor-element elementor-element-738b2e8 elementor-widget elementor-widget-spacer\" data-id=\"738b2e8\" data-element_type=\"widget\" data-widget_type=\"spacer.default\">\n\t\t\t\t<div class=\"elementor-widget-container\">\n\t\t\t\t\t\t\t<div class=\"elementor-spacer\">\n\t\t\t<div class=\"elementor-spacer-inner\"><\/div>\n\t\t<\/div>\n\t\t\t\t\t\t<\/div>\n\t\t\t\t<\/div>\n\t\t\t\t\t<\/div>\n\t\t<\/div>\n\t\t\t\t\t<\/div>\n\t\t<\/section>\n\t\t\t\t<section class=\"elementor-section elementor-top-section elementor-element elementor-element-2d58912 elementor-section-boxed elementor-section-height-default elementor-section-height-default\" data-id=\"2d58912\" data-element_type=\"section\" data-settings=\"{&quot;background_background&quot;:&quot;classic&quot;}\">\n\t\t\t\t\t\t<div class=\"elementor-container elementor-column-gap-default\">\n\t\t\t\t\t<div class=\"elementor-column elementor-col-100 elementor-top-column elementor-element elementor-element-595ef88\" data-id=\"595ef88\" data-element_type=\"column\">\n\t\t\t<div class=\"elementor-widget-wrap elementor-element-populated\">\n\t\t\t\t\t\t<section class=\"elementor-section elementor-inner-section elementor-element elementor-element-fcf7871 elementor-section-boxed elementor-section-height-default elementor-section-height-default\" data-id=\"fcf7871\" data-element_type=\"section\">\n\t\t\t\t\t\t<div class=\"elementor-container elementor-column-gap-default\">\n\t\t\t\t\t<div class=\"elementor-column elementor-col-100 elementor-inner-column elementor-element elementor-element-d06596e\" data-id=\"d06596e\" data-element_type=\"column\">\n\t\t\t<div class=\"elementor-widget-wrap elementor-element-populated\">\n\t\t\t\t\t\t<div class=\"elementor-element elementor-element-f4a27bb elementor-widget elementor-widget-image\" data-id=\"f4a27bb\" data-element_type=\"widget\" data-widget_type=\"image.default\">\n\t\t\t\t<div class=\"elementor-widget-container\">\n\t\t\t\t\t\t\t\t\t\t\t\t\t\t\t<img decoding=\"async\" width=\"600\" height=\"71\" src=\"https:\/\/agendacultural.politicas.unam.mx\/wp-content\/uploads\/2023\/03\/logos-footer-inicio-cultura.png\" class=\"attachment-1536x1536 size-1536x1536 wp-image-8848\" alt=\"\" srcset=\"https:\/\/agendacultural.politicas.unam.mx\/wp-content\/uploads\/2023\/03\/logos-footer-inicio-cultura.png 600w, https:\/\/agendacultural.politicas.unam.mx\/wp-content\/uploads\/2023\/03\/logos-footer-inicio-cultura-300x36.png 300w\" sizes=\"(max-width: 600px) 100vw, 600px\" \/>\t\t\t\t\t\t\t\t\t\t\t\t\t\t\t<\/div>\n\t\t\t\t<\/div>\n\t\t\t\t<div class=\"elementor-element elementor-element-688f369 elementor-widget elementor-widget-text-editor\" data-id=\"688f369\" data-element_type=\"widget\" data-widget_type=\"text-editor.default\">\n\t\t\t\t<div class=\"elementor-widget-container\">\n\t\t\t\t\t\t\t\t\t<p>Edificio G, planta baja, de la Facultad de Ciencias Pol\u00edticas y Sociales de la UNAM,<br \/>Circuito Mario de la Cueva S\/N, Ciudad Universitaria, C.P. 04510, Coyoac\u00e1n, CDMX<\/p><p>Email: extension.cultura@politicas.unam.mx<\/p><p>Tel\u00e9fono: 56 22 94 70, ext. 84354, 84359<\/p>\t\t\t\t\t\t\t\t<\/div>\n\t\t\t\t<\/div>\n\t\t\t\t\t<\/div>\n\t\t<\/div>\n\t\t\t\t\t<\/div>\n\t\t<\/section>\n\t\t\t\t\t<\/div>\n\t\t<\/div>\n\t\t\t\t\t<\/div>\n\t\t<\/section>\n\t\t\t\t<\/div>\n\t\t","protected":false},"excerpt":{"rendered":"<p>PolakaGeek Nimona, una aventura de caballer\u00eda actual Este a\u00f1o, luego de alg\u00fan tiempo de crisis,\u00a0Nimona\u00a0por fin vio la luz en Netflix. El proyecto originalmente se incub\u00f3 en\u00a0Blue Sky Studios,\u00a0firma conocida por pel\u00edculas como La Era del Hielo, pero, tras el anuncio del cierre por parte de\u00a0Disney\u00a0en 2021, el gigante rojo lanz\u00f3 un salvavidas para esta&hellip;&nbsp;<a href=\"https:\/\/agendacultural.politicas.unam.mx\/?page_id=10476\" rel=\"bookmark\">Leer m\u00e1s &raquo;<span class=\"screen-reader-text\">PolakaGeek<\/span><\/a><\/p>\n","protected":false},"author":1,"featured_media":0,"parent":0,"menu_order":0,"comment_status":"closed","ping_status":"closed","template":"page-templates\/template-pagebuilder-full-width.php","meta":{"neve_meta_sidebar":"","neve_meta_container":"","neve_meta_enable_content_width":"off","neve_meta_content_width":100,"neve_meta_title_alignment":"","neve_meta_author_avatar":"","neve_post_elements_order":"","neve_meta_disable_header":"","neve_meta_disable_footer":"","neve_meta_disable_title":"","footnotes":""},"class_list":["post-10476","page","type-page","status-publish","hentry"],"_links":{"self":[{"href":"https:\/\/agendacultural.politicas.unam.mx\/index.php?rest_route=\/wp\/v2\/pages\/10476","targetHints":{"allow":["GET"]}}],"collection":[{"href":"https:\/\/agendacultural.politicas.unam.mx\/index.php?rest_route=\/wp\/v2\/pages"}],"about":[{"href":"https:\/\/agendacultural.politicas.unam.mx\/index.php?rest_route=\/wp\/v2\/types\/page"}],"author":[{"embeddable":true,"href":"https:\/\/agendacultural.politicas.unam.mx\/index.php?rest_route=\/wp\/v2\/users\/1"}],"replies":[{"embeddable":true,"href":"https:\/\/agendacultural.politicas.unam.mx\/index.php?rest_route=%2Fwp%2Fv2%2Fcomments&post=10476"}],"version-history":[{"count":16,"href":"https:\/\/agendacultural.politicas.unam.mx\/index.php?rest_route=\/wp\/v2\/pages\/10476\/revisions"}],"predecessor-version":[{"id":14004,"href":"https:\/\/agendacultural.politicas.unam.mx\/index.php?rest_route=\/wp\/v2\/pages\/10476\/revisions\/14004"}],"wp:attachment":[{"href":"https:\/\/agendacultural.politicas.unam.mx\/index.php?rest_route=%2Fwp%2Fv2%2Fmedia&parent=10476"}],"curies":[{"name":"wp","href":"https:\/\/api.w.org\/{rel}","templated":true}]}}